{"id":599,"date":"2016-08-23T13:29:37","date_gmt":"2016-08-23T13:29:37","guid":{"rendered":"http:\/\/www.abracarnatureza.eu\/?page_id=599"},"modified":"2017-05-19T13:29:28","modified_gmt":"2017-05-19T13:29:28","slug":"ficha-tecnica","status":"publish","type":"page","link":"http:\/\/www.abracarnatureza.eu\/?page_id=599","title":{"rendered":"Ficha T\u00e9cnica"},"content":{"rendered":"\n<div class=\"twitter-share\"><a href=\"https:\/\/twitter.com\/intent\/tweet\" class=\"twitter-share-button\">Tweet<\/a><\/div>\n<p><strong>Plataforma <em>Web<\/em><\/strong><\/p>\n<blockquote><p><strong><em>Conce\u00e7\u00e3o geral, design gr\u00e1fico, programa\u00e7\u00e3o e execu\u00e7\u00e3o t\u00e9cnica<\/em><\/strong><br \/>\nNuno Mendes<\/p>\n<p>&nbsp;<\/p>\n<p><strong><em>Sistema de gest\u00e3o de conte\u00fados<\/em><\/strong><br \/>\n<a href=\"https:\/\/pt.wordpress.org\/\">WordPress<\/a><\/p>\n<h6 style=\"text-align: justify;\"><em>&#8220;O <strong>WordPress<\/strong> \u00e9 um sistema de gest\u00e3o de conte\u00fado que pode ser usado para criar e manter, de maneira simples e robusta, o conte\u00fado de um site, de um blog ou de uma aplica\u00e7\u00e3o. Combina est\u00e9tica,\u00a0standards da web e usabilidade. Apesar de ser\u00a0<strong>gr\u00e1tis<\/strong>, tem um valor inestim\u00e1vel.<\/em><\/h6>\n<h6 style=\"text-align: justify;\">Por outras palavras, o WordPress \u00e9 o que procura se quiser trabalhar em vez de batalhar com um sistema para gerir o seu site. \u00c9 uma solu\u00e7\u00e3o <em><a href=\"http:\/\/pt.wikipedia.org\/wiki\/Open_source\">open source<\/a><\/em>, isto \u00e9, o seu c\u00f3digo \u00e9 gratuito e aberto.<\/h6>\n<h6 style=\"text-align: justify;\">\u00c9 desenvolvido por centenas de volunt\u00e1rios de uma comunidade que se estende por todo o mundo. Se pretender fazer mais, h\u00e1 milhares de <a href=\"https:\/\/pt.wordpress.org\/plugins\/\">plugins<\/a> e de <a href=\"https:\/\/wordpress.org\/themes\/\">temas<\/a> dispon\u00edveis para transformar o seu site em quase <a href=\"https:\/\/wordpress.org\/showcase\/\">tudo o que possa imaginar<\/a>.<\/h6>\n<h6 style=\"text-align: justify;\">Mais de 60 milh\u00f5es de pessoas escolheram o WordPress para criar o seu espa\u00e7o na web \u2014 adorar\u00edamos que tamb\u00e9m fizesse parte desta comunidade.<em>&#8221; <strong>\u00a0&#8211; retirado de\u00a0<a href=\"https:\/\/pt.wordpress.org\/\">https:\/\/pt.wordpress.org\/<\/a><\/strong><\/em><\/h6>\n<p>&nbsp;<\/p>\n<p><strong><em>Edi\u00e7\u00e3o e manuten\u00e7\u00e3o<\/em><\/strong><br \/>\nNuno Mendes<\/p>\n<p>&nbsp;<\/p>\n<p><strong><em>Colaboradores<\/em><\/strong><\/p>\n<p>&nbsp;<\/p><\/blockquote>\n<p>&nbsp;<\/p>\n<p>&nbsp;<\/p>\n<p><strong>Aplica\u00e7\u00e3o para equipamentos m\u00f3veis<\/strong><\/p>\n<blockquote><p><strong>Plataforma de Desenvolvimento<\/strong><\/p>\n<p>NativeScript\u00a0|\u00a0<a href=\"https:\/\/www.nativescript.org\/\">https:\/\/www.nativescript.org\/<\/a><\/p>\n<p>&nbsp;<\/p>\n<p><strong>Programa\u00e7\u00e3o<\/strong><\/p>\n<p>Nuno Mendes<\/p>\n<p>&nbsp;<\/p>\n<p><strong>Design Gr\u00e1fico<\/strong><\/p><\/blockquote>\n","protected":false},"excerpt":{"rendered":"<p>Plataforma Web Conce\u00e7\u00e3o geral, design gr\u00e1fico, programa\u00e7\u00e3o e execu\u00e7\u00e3o t\u00e9cnica Nuno Mendes &nbsp; Sistema de gest\u00e3o de conte\u00fados WordPress &#8220;O WordPress \u00e9 um sistema de gest\u00e3o de conte\u00fado que pode ser usado para criar e manter, de maneira simples e robusta, o conte\u00fado de um site, de um blog ou de uma aplica\u00e7\u00e3o. Combina est\u00e9tica,\u00a0standards [&hellip;]<\/p>\n","protected":false},"author":4,"featured_media":0,"parent":13,"menu_order":0,"comment_status":"closed","ping_status":"closed","template":"","meta":{"_mi_skip_tracking":false,"_links_to":"","_links_to_target":""},"_links":{"self":[{"href":"http:\/\/www.abracarnatureza.eu\/index.php?rest_route=\/wp\/v2\/pages\/599"}],"collection":[{"href":"http:\/\/www.abracarnatureza.eu\/index.php?rest_route=\/wp\/v2\/pages"}],"about":[{"href":"http:\/\/www.abracarnatureza.eu\/index.php?rest_route=\/wp\/v2\/types\/page"}],"author":[{"embeddable":true,"href":"http:\/\/www.abracarnatureza.eu\/index.php?rest_route=\/wp\/v2\/users\/4"}],"replies":[{"embeddable":true,"href":"http:\/\/www.abracarnatureza.eu\/index.php?rest_route=%2Fwp%2Fv2%2Fcomments&post=599"}],"version-history":[{"count":27,"href":"http:\/\/www.abracarnatureza.eu\/index.php?rest_route=\/wp\/v2\/pages\/599\/revisions"}],"predecessor-version":[{"id":2440,"href":"http:\/\/www.abracarnatureza.eu\/index.php?rest_route=\/wp\/v2\/pages\/599\/revisions\/2440"}],"up":[{"embeddable":true,"href":"http:\/\/www.abracarnatureza.eu\/index.php?rest_route=\/wp\/v2\/pages\/13"}],"wp:attachment":[{"href":"http:\/\/www.abracarnatureza.eu\/index.php?rest_route=%2Fwp%2Fv2%2Fmedia&parent=599"}],"curies":[{"name":"wp","href":"https:\/\/api.w.org\/{rel}","templated":true}]}}