{"id":13,"date":"2016-08-02T10:11:02","date_gmt":"2016-08-02T10:11:02","guid":{"rendered":"http:\/\/www.abracarnatureza.eu\/?page_id=13"},"modified":"2017-05-19T13:28:43","modified_gmt":"2017-05-19T13:28:43","slug":"sobre-nos","status":"publish","type":"page","link":"http:\/\/www.abracarnatureza.eu\/?page_id=13","title":{"rendered":"Sobre n\u00f3s"},"content":{"rendered":"\n<div class=\"twitter-share\"><a href=\"https:\/\/twitter.com\/intent\/tweet\" class=\"twitter-share-button\">Tweet<\/a><\/div>\n<p><strong>Localiza\u00e7\u00e3o<\/strong><\/p>\n<blockquote><p>Vila Verde, Braga, Portugal<\/p>\n<p>GPS:<\/p><\/blockquote>\n<p>&nbsp;<\/p>\n<p><strong>Contactos<\/strong><\/p>\n<blockquote><p><img loading=\"lazy\" class=\"alignnone wp-image-263\" src=\"http:\/\/www.abracarnatureza.eu\/wp-content\/uploads\/icon-smartphone-150x150.png\" alt=\"icon-smartphone\" width=\"25\" height=\"25\" srcset=\"http:\/\/www.abracarnatureza.eu\/wp-content\/uploads\/icon-smartphone-150x150.png 150w, http:\/\/www.abracarnatureza.eu\/wp-content\/uploads\/icon-smartphone-300x300.png 300w, http:\/\/www.abracarnatureza.eu\/wp-content\/uploads\/icon-smartphone-100x100.png 100w, http:\/\/www.abracarnatureza.eu\/wp-content\/uploads\/icon-smartphone-275x276.png 275w, http:\/\/www.abracarnatureza.eu\/wp-content\/uploads\/icon-smartphone.png 366w\" sizes=\"(max-width: 25px) 100vw, 25px\" \/><\/p>\n<p><a href=\"mailto:geral@abracarnatureza.eu?subject=Abra\u00e7ar a Natureza\" target=\"_blank\" rel=\"noopener noreferrer\"><img loading=\"lazy\" class=\"alignnone wp-image-98\" src=\"http:\/\/www.abracarnatureza.eu\/wp-content\/uploads\/icon-email.png\" alt=\"icon-email\" width=\"25\" height=\"25\" srcset=\"http:\/\/www.abracarnatureza.eu\/wp-content\/uploads\/icon-email.png 277w, http:\/\/www.abracarnatureza.eu\/wp-content\/uploads\/icon-email-150x150.png 150w, http:\/\/www.abracarnatureza.eu\/wp-content\/uploads\/icon-email-100x100.png 100w, http:\/\/www.abracarnatureza.eu\/wp-content\/uploads\/icon-email-275x275.png 275w\" sizes=\"(max-width: 25px) 100vw, 25px\" \/><\/a>\u00a0<a href=\"mailto:geral@abracarnatureza.eu?subject=Abra\u00e7ar a Natureza\">geral@abracarnatureza.eu<\/a><\/p>\n<p><a href=\"www.abracarnatureza.eu\"><img loading=\"lazy\" class=\"alignnone wp-image-2425\" src=\"http:\/\/www.abracarnatureza.eu\/wp-content\/uploads\/2016\/08\/www.png\" alt=\"\" width=\"25\" height=\"25\" srcset=\"http:\/\/www.abracarnatureza.eu\/wp-content\/uploads\/2016\/08\/www.png 256w, http:\/\/www.abracarnatureza.eu\/wp-content\/uploads\/2016\/08\/www-150x150.png 150w, http:\/\/www.abracarnatureza.eu\/wp-content\/uploads\/2016\/08\/www-100x100.png 100w\" sizes=\"(max-width: 25px) 100vw, 25px\" \/><\/a>\u00a0<a href=\"http:\/\/www.abracarnatureza.eu\">www.abracarnatureza.eu<\/a><\/p>\n<p><a href=\"www.abracaranatureza.eu\"><img loading=\"lazy\" class=\"alignnone wp-image-2425\" src=\"http:\/\/www.abracarnatureza.eu\/wp-content\/uploads\/2016\/08\/www.png\" alt=\"\" width=\"25\" height=\"25\" srcset=\"http:\/\/www.abracarnatureza.eu\/wp-content\/uploads\/2016\/08\/www.png 256w, http:\/\/www.abracarnatureza.eu\/wp-content\/uploads\/2016\/08\/www-150x150.png 150w, http:\/\/www.abracarnatureza.eu\/wp-content\/uploads\/2016\/08\/www-100x100.png 100w\" sizes=\"(max-width: 25px) 100vw, 25px\" \/><\/a>\u00a0<a href=\"http:\/\/www.abracaranatureza.eu\">www.abracaranatureza.eu<\/a><\/p><\/blockquote>\n<p>&nbsp;<\/p>\n<p>Agradece-se a comunica\u00e7\u00e3o de qualquer anomalia t\u00e9cnica ou outro tipo de dificuldade relacionada com a utiliza\u00e7\u00e3o do site ou das aplica\u00e7\u00f5es interativas. Para o efeito, envie email\u00a0<a href=\"mailto:geral@abracarnatureza.eu?subject=Abra\u00e7ar a Natureza - Problemas na plataforma\"><img loading=\"lazy\" class=\"alignnone wp-image-98\" src=\"http:\/\/www.abracarnatureza.eu\/wp-content\/uploads\/icon-email.png\" alt=\"icon-email\" width=\"25\" height=\"25\" srcset=\"http:\/\/www.abracarnatureza.eu\/wp-content\/uploads\/icon-email.png 277w, http:\/\/www.abracarnatureza.eu\/wp-content\/uploads\/icon-email-150x150.png 150w, http:\/\/www.abracarnatureza.eu\/wp-content\/uploads\/icon-email-100x100.png 100w, http:\/\/www.abracarnatureza.eu\/wp-content\/uploads\/icon-email-275x275.png 275w\" sizes=\"(max-width: 25px) 100vw, 25px\" \/><\/a>.<\/p>\n","protected":false},"excerpt":{"rendered":"<p>Localiza\u00e7\u00e3o Vila Verde, Braga, Portugal GPS: &nbsp; Contactos \u00a0geral@abracarnatureza.eu \u00a0www.abracarnatureza.eu \u00a0www.abracaranatureza.eu &nbsp; Agradece-se a comunica\u00e7\u00e3o de qualquer anomalia t\u00e9cnica ou outro tipo de dificuldade relacionada com a utiliza\u00e7\u00e3o do site ou das aplica\u00e7\u00f5es interativas. Para o efeito, envie email\u00a0.<\/p>\n","protected":false},"author":1,"featured_media":0,"parent":0,"menu_order":0,"comment_status":"closed","ping_status":"closed","template":"","meta":{"_mi_skip_tracking":false,"_links_to":"","_links_to_target":""},"_links":{"self":[{"href":"http:\/\/www.abracarnatureza.eu\/index.php?rest_route=\/wp\/v2\/pages\/13"}],"collection":[{"href":"http:\/\/www.abracarnatureza.eu\/index.php?rest_route=\/wp\/v2\/pages"}],"about":[{"href":"http:\/\/www.abracarnatureza.eu\/index.php?rest_route=\/wp\/v2\/types\/page"}],"author":[{"embeddable":true,"href":"http:\/\/www.abracarnatureza.eu\/index.php?rest_route=\/wp\/v2\/users\/1"}],"replies":[{"embeddable":true,"href":"http:\/\/www.abracarnatureza.eu\/index.php?rest_route=%2Fwp%2Fv2%2Fcomments&post=13"}],"version-history":[{"count":71,"href":"http:\/\/www.abracarnatureza.eu\/index.php?rest_route=\/wp\/v2\/pages\/13\/revisions"}],"predecessor-version":[{"id":2436,"href":"http:\/\/www.abracarnatureza.eu\/index.php?rest_route=\/wp\/v2\/pages\/13\/revisions\/2436"}],"wp:attachment":[{"href":"http:\/\/www.abracarnatureza.eu\/index.php?rest_route=%2Fwp%2Fv2%2Fmedia&parent=13"}],"curies":[{"name":"wp","href":"https:\/\/api.w.org\/{rel}","templated":true}]}}